{"id":5926,"date":"2024-12-27T13:58:36","date_gmt":"2024-12-27T12:58:36","guid":{"rendered":"https:\/\/loceldetolo.cat\/retir-disseny-huma-i-ioga\/"},"modified":"2025-01-21T12:52:25","modified_gmt":"2025-01-21T11:52:25","slug":"retir-disseny-huma-i-ioga","status":"publish","type":"page","link":"https:\/\/loceldetolo.cat\/fr\/retir-disseny-huma-i-ioga\/","title":{"rendered":"Retir disseny hum\u00e0 i ioga"},"content":{"rendered":"<style>.kb-row-layout-id156_1930fa-34 > .kt-row-column-wrap{align-content:start;}:where(.kb-row-layout-id156_1930fa-34 > .kt-row-column-wrap) > .wp-block-kadence-column{justify-content:start;}.kb-row-layout-id156_1930fa-34 > .kt-row-column-wrap{column-gap:var(--global-kb-gap-md, 2rem);row-gap:var(--global-kb-gap-md, 2rem);max-width:var( --global-content-width, 1290px );padding-left:var(--global-content-edge-padding);padding-right:var(--global-content-edge-padding);padding-top:var(--global-kb-spacing-sm, 1.5rem);padding-bottom:var(--global-kb-spacing-sm, 1.5rem);grid-template-columns:repeat(2, minmax(0, 1fr));}.kb-row-layout-id156_1930fa-34 > .kt-row-layout-overlay{opacity:0.30;}@media all and (max-width: 1024px){.kb-row-layout-id156_1930fa-34 > .kt-row-column-wrap{grid-template-columns:repeat(2, minmax(0, 1fr));}}@media all and (max-width: 767px){.kb-row-layout-id156_1930fa-34 > .kt-row-column-wrap{grid-template-columns:minmax(0, 1fr);}}<\/style><div class=\"kb-row-layout-wrap kb-row-layout-id156_1930fa-34 alignfull wp-block-kadence-rowlayout\"><div class=\"kt-row-column-wrap kt-has-2-columns kt-row-layout-equal kt-tab-layout-inherit kt-mobile-layout-row kt-row-valign-top kb-theme-content-width\">\n<style>.kadence-column156_ff8a05-fd > .kt-inside-inner-col,.kadence-column156_ff8a05-fd > .kt-inside-inner-col:before{border-top-left-radius:0px;border-top-right-radius:0px;border-bottom-right-radius:0px;border-bottom-left-radius:0px;}.kadence-column156_ff8a05-fd > .kt-inside-inner-col{column-gap:var(--global-kb-gap-sm, 1rem);}.kadence-column156_ff8a05-fd > .kt-inside-inner-col{flex-direction:column;}.kadence-column156_ff8a05-fd > .kt-inside-inner-col > .aligncenter{width:100%;}.kadence-column156_ff8a05-fd > .kt-inside-inner-col:before{opacity:0.3;}.kadence-column156_ff8a05-fd{position:relative;}@media all and (max-width: 1024px){.kadence-column156_ff8a05-fd > .kt-inside-inner-col{flex-direction:column;justify-content:center;}}@media all and (max-width: 767px){.kadence-column156_ff8a05-fd > .kt-inside-inner-col{flex-direction:column;justify-content:center;}}<\/style>\n<div class=\"wp-block-kadence-column kadence-column156_ff8a05-fd\"><div class=\"kt-inside-inner-col\"><style>.wp-block-kadence-advancedheading.kt-adv-heading156_4e8fd1-d4, .wp-block-kadence-advancedheading.kt-adv-heading156_4e8fd1-d4[data-kb-block=\"kb-adv-heading156_4e8fd1-d4\"]{font-style:normal;}.wp-block-kadence-advancedheading.kt-adv-heading156_4e8fd1-d4 mark.kt-highlight, .wp-block-kadence-advancedheading.kt-adv-heading156_4e8fd1-d4[data-kb-block=\"kb-adv-heading156_4e8fd1-d4\"] mark.kt-highlight{font-style:normal;color:#f76a0c;-webkit-box-decoration-break:clone;box-decoration-break:clone;padding-top:0px;padding-right:0px;padding-bottom:0px;padding-left:0px;}.wp-block-kadence-advancedheading.kt-adv-heading156_4e8fd1-d4 img.kb-inline-image, .wp-block-kadence-advancedheading.kt-adv-heading156_4e8fd1-d4[data-kb-block=\"kb-adv-heading156_4e8fd1-d4\"] img.kb-inline-image{width:150px;vertical-align:baseline;}<\/style>\n<h2 class=\"kt-adv-heading156_4e8fd1-d4 wp-block-kadence-advancedheading\" data-kb-block=\"kb-adv-heading156_4e8fd1-d4\">Disseny hum\u00e0 i ioga<\/h2>\n\n\n\n<p>El Yoga ens ensenya que el nostre cos est\u00e0 compost per 5 capes, com una ceba o una matroixca o com caixes encaixables. Cada kosha, que en s\u00e0nscrit significa embolcall, representa un nivell de consci\u00e8ncia: del soc f\u00edsic al m\u00e9s subtil i refinat.<\/p>\n\n\n\n<p>El cam\u00ed a l\u2019autorealitzaci\u00f3 en el Yoga no \u00e9s m\u00e9s que un viatge a trav\u00e9s dels 5 koshas al teu veritable jo i tenir eines m\u00e9s eficients i\/o sostenibles davant de qualsevol situaci\u00f3. En aquest retir desgranarem els nostres embolcalls amb pr\u00e0ctiques f\u00edsiques, manuals i meditatives fins on tu vulguis aventurar-te.<\/p>\n\n\n<style>.wp-block-kadence-advancedheading.kt-adv-heading156_dc6ae3-33, .wp-block-kadence-advancedheading.kt-adv-heading156_dc6ae3-33[data-kb-block=\"kb-adv-heading156_dc6ae3-33\"]{font-style:normal;}.wp-block-kadence-advancedheading.kt-adv-heading156_dc6ae3-33 mark.kt-highlight, .wp-block-kadence-advancedheading.kt-adv-heading156_dc6ae3-33[data-kb-block=\"kb-adv-heading156_dc6ae3-33\"] mark.kt-highlight{font-style:normal;color:#f76a0c;-webkit-box-decoration-break:clone;box-decoration-break:clone;padding-top:0px;padding-right:0px;padding-bottom:0px;padding-left:0px;}.wp-block-kadence-advancedheading.kt-adv-heading156_dc6ae3-33 img.kb-inline-image, .wp-block-kadence-advancedheading.kt-adv-heading156_dc6ae3-33[data-kb-block=\"kb-adv-heading156_dc6ae3-33\"] img.kb-inline-image{width:150px;vertical-align:baseline;}<\/style>\n<h2 class=\"kt-adv-heading156_dc6ae3-33 wp-block-kadence-advancedheading\" data-kb-block=\"kb-adv-heading156_dc6ae3-33\">Programa<\/h2>\n\n\n<style>.wp-block-kadence-advancedheading.kt-adv-heading156_96e651-7b, .wp-block-kadence-advancedheading.kt-adv-heading156_96e651-7b[data-kb-block=\"kb-adv-heading156_96e651-7b\"]{font-style:normal;}.wp-block-kadence-advancedheading.kt-adv-heading156_96e651-7b mark.kt-highlight, .wp-block-kadence-advancedheading.kt-adv-heading156_96e651-7b[data-kb-block=\"kb-adv-heading156_96e651-7b\"] mark.kt-highlight{font-style:normal;color:#f76a0c;-webkit-box-decoration-break:clone;box-decoration-break:clone;padding-top:0px;padding-right:0px;padding-bottom:0px;padding-left:0px;}.wp-block-kadence-advancedheading.kt-adv-heading156_96e651-7b img.kb-inline-image, .wp-block-kadence-advancedheading.kt-adv-heading156_96e651-7b[data-kb-block=\"kb-adv-heading156_96e651-7b\"] img.kb-inline-image{width:150px;vertical-align:baseline;}<\/style>\n<h3 class=\"kt-adv-heading156_96e651-7b wp-block-kadence-advancedheading\" data-kb-block=\"kb-adv-heading156_96e651-7b\">Divendres 3 de maig<\/h3>\n\n\n\n<ul class=\"wp-block-list\">\n<li>Entre 18\u202fh i 18.30\u00a0h arribada a Lo cel de Tol\u00f3<\/li>\n\n\n\n<li>19\u202fh sessi\u00f3 pr\u00e0ctica relaxant<\/li>\n\n\n\n<li>20.30\u00a0h sopar i Yoga nidra<\/li>\n<\/ul>\n\n\n<style>.wp-block-kadence-advancedheading.kt-adv-heading156_6f15d0-9a, .wp-block-kadence-advancedheading.kt-adv-heading156_6f15d0-9a[data-kb-block=\"kb-adv-heading156_6f15d0-9a\"]{font-style:normal;}.wp-block-kadence-advancedheading.kt-adv-heading156_6f15d0-9a mark.kt-highlight, .wp-block-kadence-advancedheading.kt-adv-heading156_6f15d0-9a[data-kb-block=\"kb-adv-heading156_6f15d0-9a\"] mark.kt-highlight{font-style:normal;color:#f76a0c;-webkit-box-decoration-break:clone;box-decoration-break:clone;padding-top:0px;padding-right:0px;padding-bottom:0px;padding-left:0px;}.wp-block-kadence-advancedheading.kt-adv-heading156_6f15d0-9a img.kb-inline-image, .wp-block-kadence-advancedheading.kt-adv-heading156_6f15d0-9a[data-kb-block=\"kb-adv-heading156_6f15d0-9a\"] img.kb-inline-image{width:150px;vertical-align:baseline;}<\/style>\n<p class=\"kt-adv-heading156_6f15d0-9a wp-block-kadence-advancedheading\" data-kb-block=\"kb-adv-heading156_6f15d0-9a\">Dissabte 4 de maig (l&rsquo;horari el posareu vosaltres)<\/p>\n\n\n\n<ul class=\"wp-block-list\">\n<li>Yoga matiner<\/li>\n\n\n\n<li>Esmorzar<\/li>\n\n\n\n<li>Pr\u00e0ctica Yogui<\/li>\n\n\n\n<li>Dinar i lliure<\/li>\n\n\n\n<li>Taller<\/li>\n\n\n\n<li>Continua la pr\u00e0ctica<\/li>\n\n\n\n<li>Sopar<\/li>\n\n\n\n<li>Pr\u00e0ctica nocturna<\/li>\n<\/ul>\n\n\n<style>.wp-block-kadence-advancedheading.kt-adv-heading156_18c09e-74, .wp-block-kadence-advancedheading.kt-adv-heading156_18c09e-74[data-kb-block=\"kb-adv-heading156_18c09e-74\"]{font-style:normal;}.wp-block-kadence-advancedheading.kt-adv-heading156_18c09e-74 mark.kt-highlight, .wp-block-kadence-advancedheading.kt-adv-heading156_18c09e-74[data-kb-block=\"kb-adv-heading156_18c09e-74\"] mark.kt-highlight{font-style:normal;color:#f76a0c;-webkit-box-decoration-break:clone;box-decoration-break:clone;padding-top:0px;padding-right:0px;padding-bottom:0px;padding-left:0px;}.wp-block-kadence-advancedheading.kt-adv-heading156_18c09e-74 img.kb-inline-image, .wp-block-kadence-advancedheading.kt-adv-heading156_18c09e-74[data-kb-block=\"kb-adv-heading156_18c09e-74\"] img.kb-inline-image{width:150px;vertical-align:baseline;}<\/style>\n<h3 class=\"kt-adv-heading156_18c09e-74 wp-block-kadence-advancedheading\" data-kb-block=\"kb-adv-heading156_18c09e-74\">Diumenge 5 de maig<\/h3>\n\n\n\n<ul class=\"wp-block-list\">\n<li>Esmorzar<\/li>\n\n\n\n<li>Excursi\u00f3 guiada al castell de Tol\u00f3 i la pr\u00e0ctica all\u00e0 si el temps \u00e9s favorable.<\/li>\n\n\n\n<li>Dinar<\/li>\n\n\n\n<li>Posada en com\u00fa i retorn a casa amb els Koshas ben lluents i endre\u00e7ats.<\/li>\n<\/ul>\n<\/div><\/div>\n\n\n<style>.kadence-column156_2165ed-8a > .kt-inside-inner-col,.kadence-column156_2165ed-8a > .kt-inside-inner-col:before{border-top-left-radius:0px;border-top-right-radius:0px;border-bottom-right-radius:0px;border-bottom-left-radius:0px;}.kadence-column156_2165ed-8a > .kt-inside-inner-col{column-gap:var(--global-kb-gap-sm, 1rem);}.kadence-column156_2165ed-8a > .kt-inside-inner-col{flex-direction:column;}.kadence-column156_2165ed-8a > .kt-inside-inner-col > .aligncenter{width:100%;}.kadence-column156_2165ed-8a > .kt-inside-inner-col:before{opacity:0.3;}.kadence-column156_2165ed-8a{position:relative;}@media all and (max-width: 1024px){.kadence-column156_2165ed-8a > .kt-inside-inner-col{flex-direction:column;justify-content:center;}}@media all and (max-width: 767px){.kadence-column156_2165ed-8a > .kt-inside-inner-col{flex-direction:column;justify-content:center;}}<\/style>\n<div class=\"wp-block-kadence-column kadence-column156_2165ed-8a\"><div class=\"kt-inside-inner-col\"><style>.wp-block-kadence-advancedheading.kt-adv-heading156_1110ea-23, .wp-block-kadence-advancedheading.kt-adv-heading156_1110ea-23[data-kb-block=\"kb-adv-heading156_1110ea-23\"]{text-align:center;font-style:normal;}.wp-block-kadence-advancedheading.kt-adv-heading156_1110ea-23 mark.kt-highlight, .wp-block-kadence-advancedheading.kt-adv-heading156_1110ea-23[data-kb-block=\"kb-adv-heading156_1110ea-23\"] mark.kt-highlight{font-style:normal;color:#f76a0c;-webkit-box-decoration-break:clone;box-decoration-break:clone;padding-top:0px;padding-right:0px;padding-bottom:0px;padding-left:0px;}.wp-block-kadence-advancedheading.kt-adv-heading156_1110ea-23 img.kb-inline-image, .wp-block-kadence-advancedheading.kt-adv-heading156_1110ea-23[data-kb-block=\"kb-adv-heading156_1110ea-23\"] img.kb-inline-image{width:150px;vertical-align:baseline;}<\/style>\n<h2 class=\"kt-adv-heading156_1110ea-23 wp-block-kadence-advancedheading\" data-kb-block=\"kb-adv-heading156_1110ea-23\">Vine a gaudir d&rsquo;un dia saludable a la natura.<\/h2>\n\n\n\n<p><strong>Cal portar: <\/strong><br>Kit de yoga, ampolla buida, lota si en teniu, joc de pinzells, etc.<\/p>\n\n\n\n<p><strong>Preu:<\/strong> 285 \u20ac Tot incl\u00f2s (excepte despla\u00e7ament)<br>Apte per a tots els nivells.<\/p>\n\n\n\n<p><strong>Grup de 10 m\u00e0xim <\/strong>(queden 3 places disponibles)<\/p>\n\n\n\n<p>Es pot compartir cotxe.<\/p>\n\n\n\n<p><strong>Data: <\/strong>Cap de setmana 3-5 de maig del 2024<br><strong>Lloc:<\/strong> Lo Cel de Tol\u00f3 (Tol\u00f3, Lleida)<\/p>\n\n\n\n<p><strong>Reserves<\/strong><br>Al tel.\u00a0630517499<br>Email:\u00a0<a href=\"mailto:beavidalma@gmail.com\" target=\"_blank\" rel=\"noreferrer noopener\">beavidalma@gmail.com<\/a><\/p>\n<\/div><\/div>\n\n<\/div><\/div>","protected":false},"excerpt":{"rendered":"<p>Disseny hum\u00e0 i ioga El Yoga ens ensenya que el nostre cos est\u00e0 compost per 5 capes, com una ceba o una matroixca o com caixes encaixables. Cada kosha, que en s\u00e0nscrit significa embolcall, representa un nivell de consci\u00e8ncia: del soc f\u00edsic al m\u00e9s subtil i refinat. El cam\u00ed a l\u2019autorealitzaci\u00f3 en el Yoga no&#8230;<\/p>\n","protected":false},"author":1,"featured_media":0,"parent":0,"menu_order":0,"comment_status":"closed","ping_status":"closed","template":"","meta":{"_kad_post_transparent":"","_kad_post_title":"","_kad_post_layout":"","_kad_post_sidebar_id":"","_kad_post_content_style":"","_kad_post_vertical_padding":"","_kad_post_feature":"","_kad_post_feature_position":"","_kad_post_header":false,"_kad_post_footer":false,"_kad_post_classname":"","footnotes":""},"class_list":["post-5926","page","type-page","status-publish","hentry"],"yoast_head":"<!-- This site is optimized with the Yoast SEO plugin v27.5 - https:\/\/yoast.com\/product\/yoast-seo-wordpress\/ -->\n<title>Retir disseny hum\u00e0 i ioga - Lo Cel de Tol\u00f3<\/title>\n<meta name=\"robots\" content=\"index, follow, max-snippet:-1, max-image-preview:large, max-video-preview:-1\" \/>\n<link rel=\"canonical\" href=\"https:\/\/loceldetolo.cat\/fr\/retir-disseny-huma-i-ioga\/\" \/>\n<meta property=\"og:locale\" content=\"fr_FR\" \/>\n<meta property=\"og:type\" content=\"article\" \/>\n<meta property=\"og:title\" content=\"Retir disseny hum\u00e0 i ioga - Lo Cel de Tol\u00f3\" \/>\n<meta property=\"og:description\" content=\"Disseny hum\u00e0 i ioga El Yoga ens ensenya que el nostre cos est\u00e0 compost per 5 capes, com una ceba o una matroixca o com caixes encaixables. Cada kosha, que en s\u00e0nscrit significa embolcall, representa un nivell de consci\u00e8ncia: del soc f\u00edsic al m\u00e9s subtil i refinat. El cam\u00ed a l\u2019autorealitzaci\u00f3 en el Yoga no...\" \/>\n<meta property=\"og:url\" content=\"https:\/\/loceldetolo.cat\/fr\/retir-disseny-huma-i-ioga\/\" \/>\n<meta property=\"og:site_name\" content=\"Lo Cel de Tol\u00f3\" \/>\n<meta property=\"article:publisher\" content=\"https:\/\/www.facebook.com\/loceldetolo\" \/>\n<meta property=\"article:modified_time\" content=\"2025-01-21T11:52:25+00:00\" \/>\n<meta name=\"twitter:card\" content=\"summary_large_image\" \/>\n<meta name=\"twitter:label1\" content=\"Dur\u00e9e de lecture estim\u00e9e\" \/>\n\t<meta name=\"twitter:data1\" content=\"1 minute\" \/>\n<script type=\"application\/ld+json\" class=\"yoast-schema-graph\">{\"@context\":\"https:\\\/\\\/schema.org\",\"@graph\":[{\"@type\":\"WebPage\",\"@id\":\"https:\\\/\\\/loceldetolo.cat\\\/fr\\\/retir-disseny-huma-i-ioga\\\/\",\"url\":\"https:\\\/\\\/loceldetolo.cat\\\/fr\\\/retir-disseny-huma-i-ioga\\\/\",\"name\":\"Retir disseny hum\u00e0 i ioga - Lo Cel de Tol\u00f3\",\"isPartOf\":{\"@id\":\"https:\\\/\\\/loceldetolo.cat\\\/#website\"},\"datePublished\":\"2024-12-27T12:58:36+00:00\",\"dateModified\":\"2025-01-21T11:52:25+00:00\",\"breadcrumb\":{\"@id\":\"https:\\\/\\\/loceldetolo.cat\\\/fr\\\/retir-disseny-huma-i-ioga\\\/#breadcrumb\"},\"inLanguage\":\"fr-FR\",\"potentialAction\":[{\"@type\":\"ReadAction\",\"target\":[\"https:\\\/\\\/loceldetolo.cat\\\/fr\\\/retir-disseny-huma-i-ioga\\\/\"]}]},{\"@type\":\"BreadcrumbList\",\"@id\":\"https:\\\/\\\/loceldetolo.cat\\\/fr\\\/retir-disseny-huma-i-ioga\\\/#breadcrumb\",\"itemListElement\":[{\"@type\":\"ListItem\",\"position\":1,\"name\":\"Inici\",\"item\":\"https:\\\/\\\/loceldetolo.cat\\\/fr\\\/\"},{\"@type\":\"ListItem\",\"position\":2,\"name\":\"Retir disseny hum\u00e0 i ioga\"}]},{\"@type\":\"WebSite\",\"@id\":\"https:\\\/\\\/loceldetolo.cat\\\/#website\",\"url\":\"https:\\\/\\\/loceldetolo.cat\\\/\",\"name\":\"Lo Cel de Tol\u00f3\",\"description\":\"Allotjament rural sostenible\",\"publisher\":{\"@id\":\"https:\\\/\\\/loceldetolo.cat\\\/#organization\"},\"potentialAction\":[{\"@type\":\"SearchAction\",\"target\":{\"@type\":\"EntryPoint\",\"urlTemplate\":\"https:\\\/\\\/loceldetolo.cat\\\/?s={search_term_string}\"},\"query-input\":{\"@type\":\"PropertyValueSpecification\",\"valueRequired\":true,\"valueName\":\"search_term_string\"}}],\"inLanguage\":\"fr-FR\"},{\"@type\":\"Organization\",\"@id\":\"https:\\\/\\\/loceldetolo.cat\\\/#organization\",\"name\":\"LO CEL DE TOLO\",\"url\":\"https:\\\/\\\/loceldetolo.cat\\\/\",\"logo\":{\"@type\":\"ImageObject\",\"inLanguage\":\"fr-FR\",\"@id\":\"https:\\\/\\\/loceldetolo.cat\\\/#\\\/schema\\\/logo\\\/image\\\/\",\"url\":\"https:\\\/\\\/loceldetolo.cat\\\/wp-content\\\/uploads\\\/logo-in-black.webp\",\"contentUrl\":\"https:\\\/\\\/loceldetolo.cat\\\/wp-content\\\/uploads\\\/logo-in-black.webp\",\"width\":742,\"height\":213,\"caption\":\"LO CEL DE TOLO\"},\"image\":{\"@id\":\"https:\\\/\\\/loceldetolo.cat\\\/#\\\/schema\\\/logo\\\/image\\\/\"},\"sameAs\":[\"https:\\\/\\\/www.facebook.com\\\/loceldetolo\",\"https:\\\/\\\/www.instagram.com\\\/loceldetolo\\\/\"]}]}<\/script>\n<!-- \/ Yoast SEO plugin. -->","yoast_head_json":{"title":"Retir disseny hum\u00e0 i ioga - Lo Cel de Tol\u00f3","robots":{"index":"index","follow":"follow","max-snippet":"max-snippet:-1","max-image-preview":"max-image-preview:large","max-video-preview":"max-video-preview:-1"},"canonical":"https:\/\/loceldetolo.cat\/fr\/retir-disseny-huma-i-ioga\/","og_locale":"fr_FR","og_type":"article","og_title":"Retir disseny hum\u00e0 i ioga - Lo Cel de Tol\u00f3","og_description":"Disseny hum\u00e0 i ioga El Yoga ens ensenya que el nostre cos est\u00e0 compost per 5 capes, com una ceba o una matroixca o com caixes encaixables. Cada kosha, que en s\u00e0nscrit significa embolcall, representa un nivell de consci\u00e8ncia: del soc f\u00edsic al m\u00e9s subtil i refinat. El cam\u00ed a l\u2019autorealitzaci\u00f3 en el Yoga no...","og_url":"https:\/\/loceldetolo.cat\/fr\/retir-disseny-huma-i-ioga\/","og_site_name":"Lo Cel de Tol\u00f3","article_publisher":"https:\/\/www.facebook.com\/loceldetolo","article_modified_time":"2025-01-21T11:52:25+00:00","twitter_card":"summary_large_image","twitter_misc":{"Dur\u00e9e de lecture estim\u00e9e":"1 minute"},"schema":{"@context":"https:\/\/schema.org","@graph":[{"@type":"WebPage","@id":"https:\/\/loceldetolo.cat\/fr\/retir-disseny-huma-i-ioga\/","url":"https:\/\/loceldetolo.cat\/fr\/retir-disseny-huma-i-ioga\/","name":"Retir disseny hum\u00e0 i ioga - Lo Cel de Tol\u00f3","isPartOf":{"@id":"https:\/\/loceldetolo.cat\/#website"},"datePublished":"2024-12-27T12:58:36+00:00","dateModified":"2025-01-21T11:52:25+00:00","breadcrumb":{"@id":"https:\/\/loceldetolo.cat\/fr\/retir-disseny-huma-i-ioga\/#breadcrumb"},"inLanguage":"fr-FR","potentialAction":[{"@type":"ReadAction","target":["https:\/\/loceldetolo.cat\/fr\/retir-disseny-huma-i-ioga\/"]}]},{"@type":"BreadcrumbList","@id":"https:\/\/loceldetolo.cat\/fr\/retir-disseny-huma-i-ioga\/#breadcrumb","itemListElement":[{"@type":"ListItem","position":1,"name":"Inici","item":"https:\/\/loceldetolo.cat\/fr\/"},{"@type":"ListItem","position":2,"name":"Retir disseny hum\u00e0 i ioga"}]},{"@type":"WebSite","@id":"https:\/\/loceldetolo.cat\/#website","url":"https:\/\/loceldetolo.cat\/","name":"Lo Cel de Tol\u00f3","description":"Allotjament rural sostenible","publisher":{"@id":"https:\/\/loceldetolo.cat\/#organization"},"potentialAction":[{"@type":"SearchAction","target":{"@type":"EntryPoint","urlTemplate":"https:\/\/loceldetolo.cat\/?s={search_term_string}"},"query-input":{"@type":"PropertyValueSpecification","valueRequired":true,"valueName":"search_term_string"}}],"inLanguage":"fr-FR"},{"@type":"Organization","@id":"https:\/\/loceldetolo.cat\/#organization","name":"LO CEL DE TOLO","url":"https:\/\/loceldetolo.cat\/","logo":{"@type":"ImageObject","inLanguage":"fr-FR","@id":"https:\/\/loceldetolo.cat\/#\/schema\/logo\/image\/","url":"https:\/\/loceldetolo.cat\/wp-content\/uploads\/logo-in-black.webp","contentUrl":"https:\/\/loceldetolo.cat\/wp-content\/uploads\/logo-in-black.webp","width":742,"height":213,"caption":"LO CEL DE TOLO"},"image":{"@id":"https:\/\/loceldetolo.cat\/#\/schema\/logo\/image\/"},"sameAs":["https:\/\/www.facebook.com\/loceldetolo","https:\/\/www.instagram.com\/loceldetolo\/"]}]}},"_links":{"self":[{"href":"https:\/\/loceldetolo.cat\/fr\/wp-json\/wp\/v2\/pages\/5926","targetHints":{"allow":["GET"]}}],"collection":[{"href":"https:\/\/loceldetolo.cat\/fr\/wp-json\/wp\/v2\/pages"}],"about":[{"href":"https:\/\/loceldetolo.cat\/fr\/wp-json\/wp\/v2\/types\/page"}],"author":[{"embeddable":true,"href":"https:\/\/loceldetolo.cat\/fr\/wp-json\/wp\/v2\/users\/1"}],"replies":[{"embeddable":true,"href":"https:\/\/loceldetolo.cat\/fr\/wp-json\/wp\/v2\/comments?post=5926"}],"version-history":[{"count":1,"href":"https:\/\/loceldetolo.cat\/fr\/wp-json\/wp\/v2\/pages\/5926\/revisions"}],"predecessor-version":[{"id":6407,"href":"https:\/\/loceldetolo.cat\/fr\/wp-json\/wp\/v2\/pages\/5926\/revisions\/6407"}],"wp:attachment":[{"href":"https:\/\/loceldetolo.cat\/fr\/wp-json\/wp\/v2\/media?parent=5926"}],"curies":[{"name":"wp","href":"https:\/\/api.w.org\/{rel}","templated":true}]}}